{"id":6085,"date":"2020-03-12T21:07:23","date_gmt":"2020-03-12T21:07:23","guid":{"rendered":"https:\/\/ac.aponia.ca\/publications\/avenirs-inclusifs-participation-des-autochtones-au-marche-du-travail-au-canada\/"},"modified":"2025-12-12T17:28:35","modified_gmt":"2025-12-12T17:28:35","slug":"avenirs-inclusifs-participation-des-autochtones-au-marche-du-travail-au-canada","status":"publish","type":"policy-papers","link":"https:\/\/www.actioncanada.ca\/fr\/politiques\/avenirs-inclusifs-participation-des-autochtones-au-marche-du-travail-au-canada\/","title":{"rendered":"Avenirs inclusifs : participation des Autochtones au march\u00e9 du travail au Canada"},"content":{"rendered":"<h2 class=\"caps\">Sommaire<\/h2>\n<p>En tant que segment de population qui cro\u00eet le plus rapidement au Canada, les peuples autochtones, de par leur participation \u00e0 la main-d\u2019\u0153uvre, auront une influence positive sur l\u2019avenir du travail. En d\u00e9pit des efforts visant \u00e0 accro\u00eetre l\u2019inclusion des travailleurs autochtones dans la main-d\u2019\u0153uvre canadienne, les r\u00e9sultats sur le march\u00e9 du travail et les taux d\u2019emploi des Autochtones sont largement inf\u00e9rieurs \u00e0 ceux des autres. De plus, on s\u2019attend \u00e0 ce que la disparit\u00e9 des r\u00e9sultats sur le march\u00e9 du travail pour les Autochtones s\u2019aggrave avec les progr\u00e8s technologiques r\u00e9alis\u00e9s dans les domaines de l\u2019automatisation, de l\u2019intelligence artificielle et de la robotique.<\/p>\n<p>Le pr\u00e9sent rapport examine quatre facteurs inextricablement li\u00e9s qui contribuent \u00e0 l\u2019inclusion des Autochtones dans la population active, facteurs qui sont int\u00e9gr\u00e9s dans un cadre propos\u00e9 pour \u00e9laborer un outil permettant de mesurer l\u2019inclusivit\u00e9 du milieu de travail d\u2019une organisation. Ces facteurs sont\u00a0:<\/p>\n<ul>\n<li>le nombre d\u2019Autochtones employ\u00e9s par une organisation;<\/li>\n<li>la possibilit\u00e9 pour les employ\u00e9s autochtones de se former et de se perfectionner;<\/li>\n<li>l\u2019offre de programmes de d\u00e9veloppement des comp\u00e9tences culturelles des Autochtones et d\u2019espaces pour les pratiques culturelles;<\/li>\n<li>la pr\u00e9sence de champions de la culture autochtone dans une organisation.<\/li>\n<\/ul>\n<p>L\u2019outil propos\u00e9 de diagnostic de l\u2019inclusion des Autochtones fait office d\u2019audit culturel objectif d\u2019un milieu de travail. Il est semblable \u00e0 un syst\u00e8me de notation que peuvent utiliser les candidats autochtones envisageant de travailler pour une entreprise donn\u00e9e. Il est pr\u00e9vu que les scores obtenus soient publi\u00e9s trimestriellement et mis \u00e0 la disposition du public pour susciter une prise de conscience sociale et encourager les organisations \u00e0 \u00eatre plus inclusives afin de pr\u00e9server leur image de marque. Il est reconnu qu\u2019il serait pr\u00e9f\u00e9rable que l\u2019outil soit con\u00e7u et mis en \u0153uvre par une organisation g\u00e9r\u00e9e par des Autochtones pour s\u2019assurer que l\u2019ensemble de leurs points de vue et de leurs voix soit repr\u00e9sent\u00e9.<\/p>\n<p>Les auteurs du pr\u00e9sent rapport ont proc\u00e9d\u00e9 \u00e0 l\u2019analyse des pratiques exemplaires en mati\u00e8re d\u2019inclusion des Autochtones dans les milieux de travail et \u00e0 l\u2019examen des outils d\u2019\u00e9valuation des milieux de travail inclusifs. Ils se sont bas\u00e9s sur des recherches universitaires, gouvernementales et accessibles au public qui portent sur les communaut\u00e9s autochtones et la participation au milieu de travail. Le rapport souligne \u00e9galement les enseignements tir\u00e9s d\u2019entretiens avec des agences de placement d\u00e9di\u00e9es aux Autochtones, des entreprises g\u00e9r\u00e9es par des Autochtones ou appartenant \u00e0 ceux-ci et des soci\u00e9t\u00e9s ou organismes gouvernementaux r\u00e9put\u00e9s pour leurs pratiques exemplaires en mati\u00e8re d\u2019inclusion des Autochtones.<\/p>\n","protected":false},"excerpt":{"rendered":"<p>Sommaire En tant que segment de population qui cro\u00eet le plus rapidement au Canada, les peuples autochtones, de par leur participation \u00e0 la main-d\u2019\u0153uvre, auront une influence positive sur l\u2019avenir du travail. En d\u00e9pit des efforts visant \u00e0 accro\u00eetre l\u2019inclusion des travailleurs autochtones dans la main-d\u2019\u0153uvre canadienne, les r\u00e9sultats sur le march\u00e9 du travail et [&hellip;]<\/p>\n","protected":false},"author":1,"featured_media":6088,"template":"","meta":{"_acf_changed":false,"_seopress_robots_primary_cat":"","_seopress_titles_title":"","_seopress_titles_desc":"","_seopress_robots_index":""},"policy_theme":[136],"class_list":["post-6085","policy-papers","type-policy-papers","status-publish","has-post-thumbnail","hentry","policy_theme-avenir-du-travail"],"acf":[],"_links":{"self":[{"href":"https:\/\/www.actioncanada.ca\/fr\/wp-json\/wp\/v2\/policy-papers\/6085","targetHints":{"allow":["GET"]}}],"collection":[{"href":"https:\/\/www.actioncanada.ca\/fr\/wp-json\/wp\/v2\/policy-papers"}],"about":[{"href":"https:\/\/www.actioncanada.ca\/fr\/wp-json\/wp\/v2\/types\/policy-papers"}],"author":[{"embeddable":true,"href":"https:\/\/www.actioncanada.ca\/fr\/wp-json\/wp\/v2\/users\/1"}],"wp:featuredmedia":[{"embeddable":true,"href":"https:\/\/www.actioncanada.ca\/fr\/wp-json\/wp\/v2\/media\/6088"}],"wp:attachment":[{"href":"https:\/\/www.actioncanada.ca\/fr\/wp-json\/wp\/v2\/media?parent=6085"}],"wp:term":[{"taxonomy":"policy_theme","embeddable":true,"href":"https:\/\/www.actioncanada.ca\/fr\/wp-json\/wp\/v2\/policy_theme?post=6085"}],"curies":[{"name":"wp","href":"https:\/\/api.w.org\/{rel}","templated":true}]}}